{"id":3282,"date":"2016-03-27T15:43:16","date_gmt":"2016-03-27T13:43:16","guid":{"rendered":"https:\/\/arch-moser.it\/?post_type=jetpack-portfolio&#038;p=3282"},"modified":"2018-10-17T10:21:11","modified_gmt":"2018-10-17T08:21:11","slug":"feuerwehrhalle-milland-brixen","status":"publish","type":"page","link":"https:\/\/arch-moser.it\/de\/projekte\/feuerwehrhalle-milland-brixen\/","title":{"rendered":"Feuerwehrhalle Milland \/ Brixen"},"content":{"rendered":"<div><\/div>\n<div><a href=\"https:\/\/i0.wp.com\/arch-moser.it\/wp-content\/uploads\/2016\/03\/Ohne-Titel-3.jpg?ssl=1\" rel=\"attachment wp-att-3284\"><img data-recalc-dims=\"1\" fetchpriority=\"high\" decoding=\"async\" class=\"alignnone wp-image-3284\" src=\"https:\/\/i0.wp.com\/arch-moser.it\/wp-content\/uploads\/2016\/03\/Ohne-Titel-3.jpg?resize=683%2C626&#038;ssl=1\" alt=\"Ohne Titel 3\" width=\"683\" height=\"626\" srcset=\"https:\/\/i0.wp.com\/arch-moser.it\/wp-content\/uploads\/2016\/03\/Ohne-Titel-3.jpg?resize=300%2C275&amp;ssl=1 300w, https:\/\/i0.wp.com\/arch-moser.it\/wp-content\/uploads\/2016\/03\/Ohne-Titel-3.jpg?resize=768%2C705&amp;ssl=1 768w, https:\/\/i0.wp.com\/arch-moser.it\/wp-content\/uploads\/2016\/03\/Ohne-Titel-3.jpg?resize=1024%2C940&amp;ssl=1 1024w, https:\/\/i0.wp.com\/arch-moser.it\/wp-content\/uploads\/2016\/03\/Ohne-Titel-3.jpg?w=1600&amp;ssl=1 1600w, https:\/\/i0.wp.com\/arch-moser.it\/wp-content\/uploads\/2016\/03\/Ohne-Titel-3.jpg?w=2400&amp;ssl=1 2400w\" sizes=\"(max-width: 683px) 100vw, 683px\" \/><\/a><\/div>\n<div><\/div>\n<div><span style=\"font-size: 10pt; font-family: Tahoma, Arial, Helvetica, sans-serif;\">Im Zuge der Planung wurden vorrangig 3 Grundkonzepte verfolgt:<\/span><\/div>\n<ul>\n<li><span style=\"font-size: 10pt; font-family: Tahoma, Arial, Helvetica, sans-serif; color: #d6f011;\">die Erweiterung der Feuerwehrhalle nach S\u00fcden und die Errichtung von zwei zus\u00e4tzlichen Ausfahrten auf der Nordseite;<\/span><\/li>\n<li><span style=\"font-size: 10pt; font-family: Tahoma, Arial, Helvetica, sans-serif; color: #d6f011;\">die Vergr\u00f6\u00dferung des Umkleidebereiches f\u00fcr ca. 60 Feuerwehrm\u00e4nner sowie die bauliche Umgestaltung und Vergr\u00f6\u00dferung des Kommando- und Funkraumes;<\/span><\/li>\n<li><span style=\"font-size: 10pt; font-family: Tahoma, Arial, Helvetica, sans-serif; color: #d6f011;\">die Schaffung eines Jugendraumes im Untergescho\u00df.<\/span><\/li>\n<\/ul>\n<div>\n<p>\u00a0 <span style=\"font-size: 10pt; font-family: Tahoma, Arial, Helvetica, sans-serif;\">Der Zubau soll das bestehende Geb\u00e4ude auf nat\u00fcrliche Art und Weise erg\u00e4nzen, gleichzeitig jedoch eine moderne architektonische Sprache sprechen und mehr Transparenz vermitteln.<\/span><\/p>\n<\/div>\n<div><span style=\"font-size: 10pt; font-family: Tahoma, Arial, Helvetica, sans-serif;\">\u00dcber die zur G\u00e4nze verglasten Feuerwehrtore soll das Innere der Feuerwehrhalle auch von au\u00dfen einsehbar und erlebbar gemacht werden.<\/span><\/div>\n<div><span style=\"font-size: 10pt; font-family: Tahoma, Arial, Helvetica, sans-serif;\">Durch die Verl\u00e4ngerung des Kommando- und Funkraumes vor die neue Fassade und die quotenm\u00e4\u00dfige Anhebung des Funkraumes wurde eine bessere \u00dcbersicht auf die Ausfahrten und den Vorplatz gew\u00e4hrleistet .<\/span><\/div>\n<div><span style=\"font-size: 10pt; font-family: Tahoma, Arial, Helvetica, sans-serif;\">Der Zubau wurde zur G\u00e4nze unterkellert; ein Teil davon wird als Jugendraum genutzt wird, der restliche Teil als Lagerraum.<\/span><\/div>\n<div><span style=\"font-size: 10pt; font-family: Tahoma, Arial, Helvetica, sans-serif;\">Vom Vorbereich an der Westseite der Feuerwehrhalle gelangt man \u00fcber eine neue Au\u00dfentreppe zum oberen Vorplatz bzw. zum neuen Zugang zur Fahrzeughalle.<\/span><\/div>\n<div><\/div>\n<p><img data-recalc-dims=\"1\" decoding=\"async\" class=\" wp-image-3032\" src=\"https:\/\/i0.wp.com\/arch-moser.it\/wp-content\/uploads\/2015\/03\/img_8050-e1459695265337-287x300.jpg?resize=686%2C717&#038;ssl=1\" alt=\"Feuerwehrhalle Milland\" width=\"686\" height=\"717\" srcset=\"https:\/\/i0.wp.com\/arch-moser.it\/wp-content\/uploads\/2015\/03\/img_8050-e1459695265337.jpg?resize=287%2C300&amp;ssl=1 287w, https:\/\/i0.wp.com\/arch-moser.it\/wp-content\/uploads\/2015\/03\/img_8050-e1459695265337.jpg?resize=981%2C1024&amp;ssl=1 981w, https:\/\/i0.wp.com\/arch-moser.it\/wp-content\/uploads\/2015\/03\/img_8050-e1459695265337.jpg?resize=860%2C898&amp;ssl=1 860w, https:\/\/i0.wp.com\/arch-moser.it\/wp-content\/uploads\/2015\/03\/img_8050-e1459695265337.jpg?w=1600&amp;ssl=1 1600w, https:\/\/i0.wp.com\/arch-moser.it\/wp-content\/uploads\/2015\/03\/img_8050-e1459695265337.jpg?w=2400&amp;ssl=1 2400w\" sizes=\"(max-width: 686px) 100vw, 686px\" \/><\/p>\n","protected":false},"excerpt":{"rendered":"<p>Im Zuge der Planung wurden vorrangig 3 Grundkonzepte verfolgt: die Erweiterung der Feuerwehrhalle nach S\u00fcden und die Errichtung von zwei zus\u00e4tzlichen Ausfahrten auf der Nordseite; die Vergr\u00f6\u00dferung des Umkleidebereiches f\u00fcr ca. 60 Feuerwehrm\u00e4nner sowie die bauliche Umgestaltung und Vergr\u00f6\u00dferung des Kommando- und Funkraumes; die Schaffung eines Jugendraumes im Untergescho\u00df. \u00a0 Der Zubau soll das bestehende [&hellip;]<\/p>\n","protected":false},"author":1,"featured_media":0,"parent":3048,"menu_order":2,"comment_status":"closed","ping_status":"closed","template":"","meta":{"ngg_post_thumbnail":0,"footnotes":""},"class_list":["post-3282","page","type-page","status-publish","hentry"],"jetpack_sharing_enabled":true,"_links":{"self":[{"href":"https:\/\/arch-moser.it\/de\/wp-json\/wp\/v2\/pages\/3282","targetHints":{"allow":["GET"]}}],"collection":[{"href":"https:\/\/arch-moser.it\/de\/wp-json\/wp\/v2\/pages"}],"about":[{"href":"https:\/\/arch-moser.it\/de\/wp-json\/wp\/v2\/types\/page"}],"author":[{"embeddable":true,"href":"https:\/\/arch-moser.it\/de\/wp-json\/wp\/v2\/users\/1"}],"replies":[{"embeddable":true,"href":"https:\/\/arch-moser.it\/de\/wp-json\/wp\/v2\/comments?post=3282"}],"version-history":[{"count":14,"href":"https:\/\/arch-moser.it\/de\/wp-json\/wp\/v2\/pages\/3282\/revisions"}],"predecessor-version":[{"id":5285,"href":"https:\/\/arch-moser.it\/de\/wp-json\/wp\/v2\/pages\/3282\/revisions\/5285"}],"up":[{"embeddable":true,"href":"https:\/\/arch-moser.it\/de\/wp-json\/wp\/v2\/pages\/3048"}],"wp:attachment":[{"href":"https:\/\/arch-moser.it\/de\/wp-json\/wp\/v2\/media?parent=3282"}],"curies":[{"name":"wp","href":"https:\/\/api.w.org\/{rel}","templated":true}]}}