{"id":3048,"date":"2015-07-04T07:44:08","date_gmt":"2015-07-04T07:44:08","guid":{"rendered":"http:\/\/moserchristian.com\/?page_id=3034"},"modified":"2024-02-18T19:43:04","modified_gmt":"2024-02-18T18:43:04","slug":"projekte","status":"publish","type":"page","link":"https:\/\/arch-moser.it\/de\/projekte\/","title":{"rendered":"Projekte"},"content":{"rendered":"<pre><a href=\"https:\/\/i0.wp.com\/arch-moser.it\/wp-content\/uploads\/2020\/09\/ZL_2009_RE_IT_13473-Tschurtschenthaler.jpg?ssl=1\"><img data-recalc-dims=\"1\" decoding=\"async\" class=\"alignnone wp-image-6217\" src=\"https:\/\/i0.wp.com\/arch-moser.it\/wp-content\/uploads\/2020\/09\/ZL_2009_RE_IT_13473-Tschurtschenthaler.jpg?resize=218%2C136&#038;ssl=1\" alt=\"\" width=\"218\" height=\"136\" srcset=\"https:\/\/i0.wp.com\/arch-moser.it\/wp-content\/uploads\/2020\/09\/ZL_2009_RE_IT_13473-Tschurtschenthaler.jpg?w=500&amp;ssl=1 500w, https:\/\/i0.wp.com\/arch-moser.it\/wp-content\/uploads\/2020\/09\/ZL_2009_RE_IT_13473-Tschurtschenthaler.jpg?resize=300%2C187&amp;ssl=1 300w, https:\/\/i0.wp.com\/arch-moser.it\/wp-content\/uploads\/2020\/09\/ZL_2009_RE_IT_13473-Tschurtschenthaler.jpg?resize=150%2C93&amp;ssl=1 150w\" sizes=\"(max-width: 218px) 100vw, 218px\" \/><\/a> \r\n<a href=\"https:\/\/arch-moser.it\/de\/ein-ganz-spezielles-modehaus-in-bruneck-2020\/\"><span style=\"color: #000000;\"><span style=\"font-size: 20pt; font-family: Tahoma, Arial, Helvetica, sans-serif;\">Modegesch\u00e4ft in Bruneck (2020)<\/span><\/span><\/a><\/pre>\n<pre><a href=\"https:\/\/i0.wp.com\/arch-moser.it\/wp-content\/uploads\/2020\/08\/UNADJUSTEDNONRAW_thumb_5532.jpg?ssl=1\"><img data-recalc-dims=\"1\" decoding=\"async\" class=\"alignnone wp-image-6173\" src=\"https:\/\/i0.wp.com\/arch-moser.it\/wp-content\/uploads\/2020\/08\/UNADJUSTEDNONRAW_thumb_5532.jpg?resize=215%2C161&#038;ssl=1\" alt=\"\" width=\"215\" height=\"161\" srcset=\"https:\/\/i0.wp.com\/arch-moser.it\/wp-content\/uploads\/2020\/08\/UNADJUSTEDNONRAW_thumb_5532.jpg?w=500&amp;ssl=1 500w, https:\/\/i0.wp.com\/arch-moser.it\/wp-content\/uploads\/2020\/08\/UNADJUSTEDNONRAW_thumb_5532.jpg?resize=300%2C225&amp;ssl=1 300w, https:\/\/i0.wp.com\/arch-moser.it\/wp-content\/uploads\/2020\/08\/UNADJUSTEDNONRAW_thumb_5532.jpg?resize=150%2C113&amp;ssl=1 150w\" sizes=\"(max-width: 215px) 100vw, 215px\" \/><\/a> \r\n<a href=\"https:\/\/arch-moser.it\/de\/am-fischteich\/\"><span style=\"font-family: Tahoma, Arial, Helvetica, sans-serif;\"><span style=\"font-size: 20pt;\"><span style=\"color: #000000;\">Am Fischteich (2020)<\/span><\/span><\/span><\/a><\/pre>\n<pre><a href=\"https:\/\/i0.wp.com\/arch-moser.it\/wp-content\/uploads\/2019\/12\/Perspektive_01_191218.jpg?ssl=1\"><img data-recalc-dims=\"1\" decoding=\"async\" class=\"alignnone wp-image-5760\" src=\"https:\/\/i0.wp.com\/arch-moser.it\/wp-content\/uploads\/2019\/12\/Perspektive_01_191218.jpg?resize=216%2C162&#038;ssl=1\" alt=\"\" width=\"216\" height=\"162\" srcset=\"https:\/\/i0.wp.com\/arch-moser.it\/wp-content\/uploads\/2019\/12\/Perspektive_01_191218.jpg?w=500&amp;ssl=1 500w, https:\/\/i0.wp.com\/arch-moser.it\/wp-content\/uploads\/2019\/12\/Perspektive_01_191218.jpg?resize=300%2C225&amp;ssl=1 300w, https:\/\/i0.wp.com\/arch-moser.it\/wp-content\/uploads\/2019\/12\/Perspektive_01_191218.jpg?resize=150%2C113&amp;ssl=1 150w\" sizes=\"(max-width: 216px) 100vw, 216px\" \/><\/a> \r\n<a href=\"https:\/\/arch-moser.it\/de\/schlossgemaeuer\/\"><span style=\"font-family: Tahoma, Arial, Helvetica, sans-serif;\"><span style=\"font-size: 20pt;\"><span style=\"color: #000000;\">Museumshop Schloss Tirol (2020)<\/span><\/span><\/span><\/a><\/pre>\n<pre><a href=\"https:\/\/arch-moser.it\/de\/2019\/12\/26\/wunderbar\/\">\r\n<span style=\"color: #c6de12;\"><strong><span style=\"font-family: Tahoma, Arial, Helvetica, sans-serif; font-size: 10pt;\"><img data-recalc-dims=\"1\" loading=\"lazy\" decoding=\"async\" class=\"alignnone wp-image-5637\" src=\"https:\/\/i0.wp.com\/arch-moser.it\/wp-content\/uploads\/2019\/06\/IMG_1044-e1575272861754.jpeg?resize=218%2C291&#038;ssl=1\" alt=\"\" width=\"218\" height=\"291\"><\/span><\/strong><\/span><\/a>\r\n<a href=\"https:\/\/arch-moser.it\/de\/wunderbar\/\"><span style=\"font-family: Tahoma, Arial, Helvetica, sans-serif; color: #000000;\"><span style=\"font-size: 20pt;\">WunderBAR (2019)<\/span><\/span><\/a><\/pre>\n<pre><strong><a href=\"https:\/\/arch-moser.it\/de\/2019\/12\/25\/historische-gemaeuer\/\"><span style=\"color: #c6de12; font-family: Tahoma, Arial, Helvetica, sans-serif; font-size: small;\"><img data-recalc-dims=\"1\" loading=\"lazy\" decoding=\"async\" class=\"alignnone wp-image-5784\" src=\"https:\/\/i0.wp.com\/arch-moser.it\/wp-content\/uploads\/2019\/12\/UNADJUSTEDNONRAW_thumb_4317.jpg?resize=219%2C292&#038;ssl=1\" alt=\"\" width=\"219\" height=\"292\" srcset=\"https:\/\/i0.wp.com\/arch-moser.it\/wp-content\/uploads\/2019\/12\/UNADJUSTEDNONRAW_thumb_4317.jpg?w=500&amp;ssl=1 500w, https:\/\/i0.wp.com\/arch-moser.it\/wp-content\/uploads\/2019\/12\/UNADJUSTEDNONRAW_thumb_4317.jpg?resize=225%2C300&amp;ssl=1 225w, https:\/\/i0.wp.com\/arch-moser.it\/wp-content\/uploads\/2019\/12\/UNADJUSTEDNONRAW_thumb_4317.jpg?resize=113%2C150&amp;ssl=1 113w\" sizes=\"(max-width: 219px) 100vw, 219px\" \/><\/span><\/a><a href=\"https:\/\/arch-moser.it\/de\/2017\/09\/06\/natursteinplatten-gesucht-sanierung-graf-platz-haus-brixen\/\"><img data-recalc-dims=\"1\" loading=\"lazy\" decoding=\"async\" class=\"alignnone wp-image-4907\" src=\"https:\/\/i0.wp.com\/arch-moser.it\/wp-content\/uploads\/2017\/12\/IMG_5310.jpg?resize=218%2C290&#038;ssl=1\" alt=\"\" width=\"218\" height=\"290\" srcset=\"https:\/\/i0.wp.com\/arch-moser.it\/wp-content\/uploads\/2017\/12\/IMG_5310.jpg?w=500&amp;ssl=1 500w, https:\/\/i0.wp.com\/arch-moser.it\/wp-content\/uploads\/2017\/12\/IMG_5310.jpg?resize=225%2C300&amp;ssl=1 225w\" sizes=\"(max-width: 218px) 100vw, 218px\" \/><\/a><\/strong><span style=\"color: #000000;\">\r\n<a style=\"color: #000000;\" href=\"https:\/\/arch-moser.it\/de\/historische-gemaeuer\/\"><span style=\"font-family: Tahoma, Arial, Helvetica, sans-serif;\"><span style=\"font-size: 20pt;\">Historische Gem\u00e4uer \/ GRAF <\/span><\/span><span style=\"font-family: Tahoma, Arial, Helvetica, sans-serif;\"><span style=\"caret-color: #c6de12; font-size: 26.66666603088379px;\">Platz Haus<\/span><\/span><span style=\"font-family: Tahoma, Arial, Helvetica, sans-serif;\"><span style=\"font-size: 20pt;\"> (2019)<\/span><\/span><\/a><\/span><\/pre>\n<pre><a href=\"https:\/\/arch-moser.it\/2019\/12\/23\/ein-platz-in-der-loge\/\"><strong><span style=\"font-family: Tahoma, Arial, Helvetica, sans-serif; font-size: 10pt; color: #c8eb07;\">\r\n<img data-recalc-dims=\"1\" loading=\"lazy\" decoding=\"async\" class=\"alignnone wp-image-5843\" src=\"https:\/\/i0.wp.com\/arch-moser.it\/wp-content\/uploads\/2019\/12\/UNADJUSTEDNONRAW_thumb_4525.jpg?resize=220%2C330&#038;ssl=1\" alt=\"\" width=\"220\" height=\"330\" srcset=\"https:\/\/i0.wp.com\/arch-moser.it\/wp-content\/uploads\/2019\/12\/UNADJUSTEDNONRAW_thumb_4525.jpg?w=500&amp;ssl=1 500w, https:\/\/i0.wp.com\/arch-moser.it\/wp-content\/uploads\/2019\/12\/UNADJUSTEDNONRAW_thumb_4525.jpg?resize=200%2C300&amp;ssl=1 200w, https:\/\/i0.wp.com\/arch-moser.it\/wp-content\/uploads\/2019\/12\/UNADJUSTEDNONRAW_thumb_4525.jpg?resize=100%2C150&amp;ssl=1 100w\" sizes=\"(max-width: 220px) 100vw, 220px\" \/><\/span><\/strong><\/a>\r\n<a href=\"https:\/\/arch-moser.it\/de\/ein-platz-in-der-loge\/\"><span style=\"color: #000000;\"><span style=\"font-family: Tahoma, Arial, Helvetica, sans-serif; font-size: 20pt;\">Ein Platz in der Loge (2019)<\/span><\/span><\/a><\/pre>\n<pre><a href=\"https:\/\/arch-moser.it\/2019\/12\/22\/wohnraum-am-stadtrand\/\"><img data-recalc-dims=\"1\" loading=\"lazy\" decoding=\"async\" class=\"alignnone wp-image-5736\" src=\"https:\/\/i0.wp.com\/arch-moser.it\/wp-content\/uploads\/2019\/12\/UNADJUSTEDNONRAW_thumb_3da3.jpg?resize=219%2C292&#038;ssl=1\" alt=\"\" width=\"219\" height=\"292\" srcset=\"https:\/\/i0.wp.com\/arch-moser.it\/wp-content\/uploads\/2019\/12\/UNADJUSTEDNONRAW_thumb_3da3.jpg?w=500&amp;ssl=1 500w, https:\/\/i0.wp.com\/arch-moser.it\/wp-content\/uploads\/2019\/12\/UNADJUSTEDNONRAW_thumb_3da3.jpg?resize=225%2C300&amp;ssl=1 225w, https:\/\/i0.wp.com\/arch-moser.it\/wp-content\/uploads\/2019\/12\/UNADJUSTEDNONRAW_thumb_3da3.jpg?resize=113%2C150&amp;ssl=1 113w\" sizes=\"(max-width: 219px) 100vw, 219px\" \/><\/a>\r\n<a href=\"https:\/\/arch-moser.it\/de\/wohnraum-am-stadtrand\/\"><span style=\"font-family: Tahoma, Arial, Helvetica, sans-serif; font-size: 10pt; color: #000000;\"><span style=\"font-size: 20pt;\">Wohnanlage P. in Brixen (2019)<\/span><\/span><\/a><\/pre>\n<pre><a href=\"https:\/\/arch-moser.it\/de\/2018\/06\/10\/dream-shoes-more\/\"><img data-recalc-dims=\"1\" loading=\"lazy\" decoding=\"async\" class=\"alignnone wp-image-5234\" src=\"https:\/\/i0.wp.com\/arch-moser.it\/wp-content\/uploads\/2018\/10\/UNADJUSTEDNONRAW_thumb_2dee.jpg?resize=293%2C391&#038;ssl=1\" alt=\"\" width=\"293\" height=\"391\" srcset=\"https:\/\/i0.wp.com\/arch-moser.it\/wp-content\/uploads\/2018\/10\/UNADJUSTEDNONRAW_thumb_2dee.jpg?w=500&amp;ssl=1 500w, https:\/\/i0.wp.com\/arch-moser.it\/wp-content\/uploads\/2018\/10\/UNADJUSTEDNONRAW_thumb_2dee.jpg?resize=113%2C150&amp;ssl=1 113w, https:\/\/i0.wp.com\/arch-moser.it\/wp-content\/uploads\/2018\/10\/UNADJUSTEDNONRAW_thumb_2dee.jpg?resize=225%2C300&amp;ssl=1 225w\" sizes=\"(max-width: 293px) 100vw, 293px\" \/>  <\/a><a href=\"https:\/\/arch-moser.it\/de\/2018\/10\/21\/stadthaus-in-der-altstadt-von-sterzing-bauen-im-bestand\/\"><img data-recalc-dims=\"1\" loading=\"lazy\" decoding=\"async\" class=\"alignnone wp-image-5342\" src=\"https:\/\/i0.wp.com\/arch-moser.it\/wp-content\/uploads\/2018\/10\/S3EV6zVuT2KXtLQTk5Hw1Q_thumb_2efb.jpg?resize=179%2C392&#038;ssl=1\" alt=\"\" width=\"179\" height=\"392\" srcset=\"https:\/\/i0.wp.com\/arch-moser.it\/wp-content\/uploads\/2018\/10\/S3EV6zVuT2KXtLQTk5Hw1Q_thumb_2efb.jpg?w=500&amp;ssl=1 500w, https:\/\/i0.wp.com\/arch-moser.it\/wp-content\/uploads\/2018\/10\/S3EV6zVuT2KXtLQTk5Hw1Q_thumb_2efb.jpg?resize=68%2C150&amp;ssl=1 68w, https:\/\/i0.wp.com\/arch-moser.it\/wp-content\/uploads\/2018\/10\/S3EV6zVuT2KXtLQTk5Hw1Q_thumb_2efb.jpg?resize=137%2C300&amp;ssl=1 137w, https:\/\/i0.wp.com\/arch-moser.it\/wp-content\/uploads\/2018\/10\/S3EV6zVuT2KXtLQTk5Hw1Q_thumb_2efb.jpg?resize=467%2C1024&amp;ssl=1 467w\" sizes=\"(max-width: 179px) 100vw, 179px\" \/><\/a>\r\n<span style=\"color: #000000;\"><a style=\"color: #000000;\" href=\"https:\/\/arch-moser.it\/de\/dream-shoes-more\/\" rel=\"noopener\"><span style=\"font-family: Tahoma, Arial, Helvetica, sans-serif; font-size: 10pt;\"><span style=\"font-size: 20pt;\">dream shoes and more \/ Stadthaus Sterzing (2018)<\/span><\/span><\/a><\/span><\/pre>\n<pre><a href=\"https:\/\/arch-moser.it\/de\/2018\/07\/17\/liener-in-rodeneck-bauen-im-bestand\/\"><img data-recalc-dims=\"1\" loading=\"lazy\" decoding=\"async\" class=\"alignnone wp-image-5236\" src=\"https:\/\/i0.wp.com\/arch-moser.it\/wp-content\/uploads\/2018\/10\/UNADJUSTEDNONRAW_thumb_25f7.jpg?resize=288%2C216&#038;ssl=1\" alt=\"\" width=\"288\" height=\"216\" srcset=\"https:\/\/i0.wp.com\/arch-moser.it\/wp-content\/uploads\/2018\/10\/UNADJUSTEDNONRAW_thumb_25f7.jpg?w=500&amp;ssl=1 500w, https:\/\/i0.wp.com\/arch-moser.it\/wp-content\/uploads\/2018\/10\/UNADJUSTEDNONRAW_thumb_25f7.jpg?resize=150%2C113&amp;ssl=1 150w, https:\/\/i0.wp.com\/arch-moser.it\/wp-content\/uploads\/2018\/10\/UNADJUSTEDNONRAW_thumb_25f7.jpg?resize=300%2C225&amp;ssl=1 300w\" sizes=\"(max-width: 288px) 100vw, 288px\" \/><\/a>\r\n<span style=\"color: #000000; font-size: 20pt;\"><a style=\"color: #000000;\" href=\"https:\/\/arch-moser.it\/de\/liener-in-rodeneck-bauen-im-bestand\/\"><span style=\"font-family: Tahoma, Arial, Helvetica, sans-serif;\">Hofstelle in Rodeneck - Bauen im Bestand (2018)<\/span><\/a><\/span><\/pre>\n<pre><a href=\"https:\/\/arch-moser.it\/de\/2018\/09\/02\/wohnhaus-h-in-luesen-weiterbauen-am-bestand\/\"><img data-recalc-dims=\"1\" loading=\"lazy\" decoding=\"async\" class=\"alignnone wp-image-5191\" src=\"https:\/\/i0.wp.com\/arch-moser.it\/wp-content\/uploads\/2018\/09\/UNADJUSTEDNONRAW_thumb_1bc6.jpg?resize=284%2C378&#038;ssl=1\" alt=\"\" width=\"284\" height=\"378\" srcset=\"https:\/\/i0.wp.com\/arch-moser.it\/wp-content\/uploads\/2018\/09\/UNADJUSTEDNONRAW_thumb_1bc6.jpg?w=500&amp;ssl=1 500w, https:\/\/i0.wp.com\/arch-moser.it\/wp-content\/uploads\/2018\/09\/UNADJUSTEDNONRAW_thumb_1bc6.jpg?resize=113%2C150&amp;ssl=1 113w, https:\/\/i0.wp.com\/arch-moser.it\/wp-content\/uploads\/2018\/09\/UNADJUSTEDNONRAW_thumb_1bc6.jpg?resize=225%2C300&amp;ssl=1 225w\" sizes=\"(max-width: 284px) 100vw, 284px\" \/><\/a> \r\n<span style=\"font-size: 20pt; color: #000000;\"><a style=\"color: #000000;\" href=\"https:\/\/arch-moser.it\/de\/wohnhaus-h-in-luesen-weiterbauen-am-bestand\/\"><span style=\"font-family: Tahoma, Arial, Helvetica, sans-serif;\">Wohnhaus H. in L\u00fcsen (2018)<\/span><\/a> <\/span><\/pre>\n<pre><span style=\"color: #000000;\"><a style=\"color: #000000;\" href=\"https:\/\/arch-moser.it\/de\/aerztepraxis-in-milland\/\"><span style=\"font-family: Tahoma, Arial, Helvetica, sans-serif; font-size: 10pt;\">Gemeinschaftsarztpraxis in Milland (2017)<\/span><\/a> <\/span>\r\n<a href=\"https:\/\/arch-moser.it\/de\/2017\/08\/15\/aerztepraxis-in-milland\/\"><img data-recalc-dims=\"1\" loading=\"lazy\" decoding=\"async\" class=\"alignnone size-medium wp-image-4680\" src=\"https:\/\/i0.wp.com\/arch-moser.it\/wp-content\/uploads\/2017\/08\/UNADJUSTEDNONRAW_thumb_11ae.jpg?resize=225%2C300&#038;ssl=1\" alt=\"\" width=\"225\" height=\"300\" srcset=\"https:\/\/i0.wp.com\/arch-moser.it\/wp-content\/uploads\/2017\/08\/UNADJUSTEDNONRAW_thumb_11ae.jpg?resize=225%2C300&amp;ssl=1 225w, https:\/\/i0.wp.com\/arch-moser.it\/wp-content\/uploads\/2017\/08\/UNADJUSTEDNONRAW_thumb_11ae.jpg?w=500&amp;ssl=1 500w\" sizes=\"(max-width: 225px) 100vw, 225px\" \/><\/a><\/pre>\n<pre><span style=\"font-size: 10pt; color: #000000;\"><a style=\"color: #000000;\" href=\"https:\/\/arch-moser.it\/de\/last-floor-living\/\"><span style=\"font-family: Tahoma, Arial, Helvetica, sans-serif;\">last floor living (2017)<\/span><\/a>\r\n<\/span><a href=\"http:\/\/wp.me\/p6WmPs-181\"><img data-recalc-dims=\"1\" loading=\"lazy\" decoding=\"async\" class=\"alignnone size-medium wp-image-4626\" src=\"https:\/\/i0.wp.com\/arch-moser.it\/wp-content\/uploads\/2017\/08\/UNADJUSTEDNONRAW_thumb_12c7.jpg?resize=225%2C300&#038;ssl=1\" alt=\"\" width=\"225\" height=\"300\" srcset=\"https:\/\/i0.wp.com\/arch-moser.it\/wp-content\/uploads\/2017\/08\/UNADJUSTEDNONRAW_thumb_12c7.jpg?resize=225%2C300&amp;ssl=1 225w, https:\/\/i0.wp.com\/arch-moser.it\/wp-content\/uploads\/2017\/08\/UNADJUSTEDNONRAW_thumb_12c7.jpg?w=500&amp;ssl=1 500w\" sizes=\"(max-width: 225px) 100vw, 225px\" \/><\/a><\/pre>\n<pre><span style=\"font-size: 10pt; color: #000000;\"><a style=\"color: #000000;\" href=\"https:\/\/arch-moser.it\/de\/am-fusse-der-geisler-wohnhaus-n-in-villnoess\/\"><span style=\"font-family: Tahoma, Arial, Helvetica, sans-serif;\">Schwimmbad mit Naturkulisse in Afers (2017)<\/span><\/a><\/span>\r\n<a href=\"https:\/\/arch-moser.it\/de\/2017\/08\/16\/pool-mit-naturkulisse\/\" rel=\"noopener\"><img data-recalc-dims=\"1\" loading=\"lazy\" decoding=\"async\" class=\"alignnone wp-image-4716\" src=\"https:\/\/i0.wp.com\/arch-moser.it\/wp-content\/uploads\/2017\/08\/pool_3.jpeg?resize=224%2C168&#038;ssl=1\" alt=\"\" width=\"224\" height=\"168\" srcset=\"https:\/\/i0.wp.com\/arch-moser.it\/wp-content\/uploads\/2017\/08\/pool_3.jpeg?resize=300%2C225&amp;ssl=1 300w, https:\/\/i0.wp.com\/arch-moser.it\/wp-content\/uploads\/2017\/08\/pool_3.jpeg?w=500&amp;ssl=1 500w\" sizes=\"(max-width: 224px) 100vw, 224px\" \/><\/a><\/pre>\n<pre><span style=\"color: #000000;\"><a style=\"color: #000000;\" href=\"https:\/\/arch-moser.it\/de\/am-fusse-der-geisler-wohnhaus-n-in-villnoess\/\"><span style=\"font-size: 10pt; font-family: Tahoma, Arial, Helvetica, sans-serif;\">Am Fu\u00dfe der Gei\u00dfler - Wohnhaus N. in Villn\u00f6ss (2015 \/ 2016)<\/span><\/a>\r\n<a style=\"color: #000000;\" href=\"https:\/\/arch-moser.it\/de\/2016\/06\/08\/am-fusse-der-geisler-wohnhaus-n-in-villnoess\/\"><img data-recalc-dims=\"1\" loading=\"lazy\" decoding=\"async\" class=\"alignnone size-medium wp-image-4346\" src=\"https:\/\/i0.wp.com\/arch-moser.it\/wp-content\/uploads\/2016\/06\/IMG_0287.jpg?resize=225%2C300&#038;ssl=1\" alt=\"IMG_0287\" width=\"225\" height=\"300\" srcset=\"https:\/\/i0.wp.com\/arch-moser.it\/wp-content\/uploads\/2016\/06\/IMG_0287.jpg?resize=225%2C300&amp;ssl=1 225w, https:\/\/i0.wp.com\/arch-moser.it\/wp-content\/uploads\/2016\/06\/IMG_0287.jpg?w=500&amp;ssl=1 500w\" sizes=\"(max-width: 225px) 100vw, 225px\" \/><\/a><\/span><\/pre>\n<pre><span style=\"color: #000000;\"><a style=\"color: #000000;\" href=\"https:\/\/arch-moser.it\/de\/ein-neues-beichtzimmer-fur-mals\/\"><span style=\"font-size: 10pt; font-family: Tahoma, Arial, Helvetica, sans-serif;\">Neugestaltung Beichtzimmer in der Pfarrkirche von Mals&nbsp;(2016)<\/span><\/a><\/span>\r\n<a href=\"https:\/\/arch-moser.it\/de\/2016\/07\/03\/ein-neues-beichtzimmer-fur-mals\/\"><img data-recalc-dims=\"1\" loading=\"lazy\" decoding=\"async\" class=\"alignnone size-medium wp-image-4361\" src=\"https:\/\/i0.wp.com\/arch-moser.it\/wp-content\/uploads\/2016\/07\/IMG_1152.jpg?resize=225%2C300&#038;ssl=1\" alt=\"IMG_1152\" width=\"225\" height=\"300\" srcset=\"https:\/\/i0.wp.com\/arch-moser.it\/wp-content\/uploads\/2016\/07\/IMG_1152.jpg?resize=225%2C300&amp;ssl=1 225w, https:\/\/i0.wp.com\/arch-moser.it\/wp-content\/uploads\/2016\/07\/IMG_1152.jpg?w=366&amp;ssl=1 366w\" sizes=\"(max-width: 225px) 100vw, 225px\" \/><\/a><\/pre>\n<pre><span style=\"color: #000000;\"><a style=\"color: #000000;\" href=\"https:\/\/arch-moser.it\/de\/wohnen-im-historischen-stadtzentrum\/\"><span style=\"font-size: 10pt; font-family: Tahoma, Arial, Helvetica, sans-serif;\">Wohnen in der Altstadt&nbsp;(2016)<\/span><\/a><\/span>\r\n<a href=\"http:\/\/wp.me\/p6WmPs-176\"><img data-recalc-dims=\"1\" loading=\"lazy\" decoding=\"async\" class=\"alignnone size-medium wp-image-4313\" src=\"https:\/\/i0.wp.com\/arch-moser.it\/wp-content\/uploads\/2016\/05\/DSCN7224.jpg?resize=300%2C225&#038;ssl=1\" alt=\"DSCN7224\" width=\"300\" height=\"225\" srcset=\"https:\/\/i0.wp.com\/arch-moser.it\/wp-content\/uploads\/2016\/05\/DSCN7224.jpg?resize=300%2C225&amp;ssl=1 300w, https:\/\/i0.wp.com\/arch-moser.it\/wp-content\/uploads\/2016\/05\/DSCN7224.jpg?w=500&amp;ssl=1 500w\" sizes=\"(max-width: 300px) 100vw, 300px\" \/><\/a><\/pre>\n<pre><strong><span style=\"color: #d5f00e;\"><a style=\"color: #d5f00e;\" href=\"http:\/\/wp.me\/P6WmPs-U4\"><span style=\"font-size: 10pt; font-family: Tahoma, Arial, Helvetica, sans-serif;\">privater Saunabereich in Bozen (2016)<\/span><\/a><\/span><\/strong>\r\n<a href=\"https:\/\/i0.wp.com\/arch-moser.it\/wp-content\/uploads\/2016\/04\/IMG_0368.jpg?ssl=1\"><img data-recalc-dims=\"1\" loading=\"lazy\" decoding=\"async\" class=\"alignnone wp-image-3480\" src=\"https:\/\/i0.wp.com\/arch-moser.it\/wp-content\/uploads\/2016\/04\/IMG_0368.jpg?resize=292%2C219&#038;ssl=1\" alt=\"\" width=\"292\" height=\"219\" srcset=\"https:\/\/i0.wp.com\/arch-moser.it\/wp-content\/uploads\/2016\/04\/IMG_0368.jpg?w=3264&amp;ssl=1 3264w, https:\/\/i0.wp.com\/arch-moser.it\/wp-content\/uploads\/2016\/04\/IMG_0368.jpg?resize=300%2C225&amp;ssl=1 300w, https:\/\/i0.wp.com\/arch-moser.it\/wp-content\/uploads\/2016\/04\/IMG_0368.jpg?resize=1024%2C768&amp;ssl=1 1024w, https:\/\/i0.wp.com\/arch-moser.it\/wp-content\/uploads\/2016\/04\/IMG_0368.jpg?w=1600&amp;ssl=1 1600w, https:\/\/i0.wp.com\/arch-moser.it\/wp-content\/uploads\/2016\/04\/IMG_0368.jpg?w=2400&amp;ssl=1 2400w\" sizes=\"(max-width: 292px) 100vw, 292px\" \/><\/a><\/pre>\n<pre><strong><a href=\"https:\/\/arch-moser.it\/de\/2016\/07\/30\/sanierung-obergasserhof-in-pfunders\/\"><span style=\"color: #dbf20f; font-family: Tahoma, Arial, Helvetica, sans-serif; font-size: small;\">\"Obergasserhof\"&nbsp;\/&nbsp;Pfunders&nbsp;(2013 - 2015)<\/span><\/a><\/strong>\r\n<a href=\"https:\/\/arch-moser.it\/de\/2016\/07\/30\/sanierung-obergasserhof-in-pfunders\/\"><img data-recalc-dims=\"1\" loading=\"lazy\" decoding=\"async\" class=\"alignnone size-medium wp-image-3133\" src=\"https:\/\/i0.wp.com\/arch-moser.it\/wp-content\/uploads\/2015\/11\/SAM_1472.jpg?resize=225%2C300&#038;ssl=1\" alt=\"SAM_1472\" width=\"225\" height=\"300\"><\/a><\/pre>\n<pre><span style=\"font-size: 10pt;\"><a href=\"https:\/\/arch-moser.it\/de\/2017\/12\/03\/bauliche-umgestaltung-wohnaus-k-s-in-feldthurns\/\"><span style=\"color: #dfe312; font-family: Tahoma, Arial, Helvetica, sans-serif;\"><strong>Bauliche Umgestaltung Wohnhaus K.\/S. in Feldthurns<\/strong><strong> (2015)<\/strong><\/span><\/a><\/span>\r\n\r\n<a href=\"https:\/\/i0.wp.com\/arch-moser.it\/wp-content\/uploads\/2017\/12\/IMG_9426-e1537372397126.jpg?ssl=1\"><img data-recalc-dims=\"1\" loading=\"lazy\" decoding=\"async\" class=\"alignnone wp-image-4841 alignleft\" src=\"https:\/\/i0.wp.com\/arch-moser.it\/wp-content\/uploads\/2017\/12\/IMG_9426-e1537372397126.jpg?resize=293%2C158&#038;ssl=1\" alt=\"\" width=\"293\" height=\"158\" srcset=\"https:\/\/i0.wp.com\/arch-moser.it\/wp-content\/uploads\/2017\/12\/IMG_9426-e1537372397126.jpg?w=342&amp;ssl=1 342w, https:\/\/i0.wp.com\/arch-moser.it\/wp-content\/uploads\/2017\/12\/IMG_9426-e1537372397126.jpg?resize=150%2C81&amp;ssl=1 150w, https:\/\/i0.wp.com\/arch-moser.it\/wp-content\/uploads\/2017\/12\/IMG_9426-e1537372397126.jpg?resize=300%2C161&amp;ssl=1 300w\" sizes=\"(max-width: 293px) 100vw, 293px\" \/><\/a>\r\n\r\n\r\n\r\n\r\n\r\n\r\n<\/pre>\n<pre><strong><span style=\"color: #dbf20f;\"><a style=\"color: #dbf20f;\" href=\"https:\/\/arch-moser.it\/projekte\/widum-zinggen\/\"><span style=\"font-family: Tahoma, Arial, Helvetica, sans-serif; font-size: 10pt;\">Widum Zinggen \/ Brixen (2015)<\/span><\/a><\/span><\/strong>\r\n<a href=\"https:\/\/i0.wp.com\/arch-moser.it\/wp-content\/uploads\/2015\/07\/img_8371.jpg?ssl=1\"><img data-recalc-dims=\"1\" loading=\"lazy\" decoding=\"async\" class=\"alignnone wp-image-3076\" src=\"https:\/\/i0.wp.com\/arch-moser.it\/wp-content\/uploads\/2015\/07\/img_8371.jpg?resize=291%2C218&#038;ssl=1\" alt=\"\" width=\"291\" height=\"218\" srcset=\"https:\/\/i0.wp.com\/arch-moser.it\/wp-content\/uploads\/2015\/07\/img_8371.jpg?w=3264&amp;ssl=1 3264w, https:\/\/i0.wp.com\/arch-moser.it\/wp-content\/uploads\/2015\/07\/img_8371.jpg?resize=300%2C225&amp;ssl=1 300w, https:\/\/i0.wp.com\/arch-moser.it\/wp-content\/uploads\/2015\/07\/img_8371.jpg?resize=1024%2C768&amp;ssl=1 1024w, https:\/\/i0.wp.com\/arch-moser.it\/wp-content\/uploads\/2015\/07\/img_8371.jpg?w=1600&amp;ssl=1 1600w, https:\/\/i0.wp.com\/arch-moser.it\/wp-content\/uploads\/2015\/07\/img_8371.jpg?w=2400&amp;ssl=1 2400w\" sizes=\"(max-width: 291px) 100vw, 291px\" \/><\/a>\r\n<\/pre>\n<pre style=\"text-align: left;\"><strong><span style=\"color: #dbf20f;\"><a style=\"color: #dbf20f;\" href=\"https:\/\/arch-moser.it\/de\/projekte\/feuerwehrhalle-milland-brixen\/\"><span style=\"font-family: Tahoma, Arial, Helvetica, sans-serif; font-size: 10pt;\">Feuerwehrhalle Milland (2014)<\/span><\/a><\/span><\/strong> \r\n<a href=\"https:\/\/arch-moser.it\/projekte\/feuerwehrhalle-milland-brixen\/\" rel=\"attachment wp-att-3051\"><img data-recalc-dims=\"1\" loading=\"lazy\" decoding=\"async\" class=\"alignnone wp-image-3051\" src=\"https:\/\/i0.wp.com\/arch-moser.it\/wp-content\/uploads\/2015\/07\/img_7535_2.jpg?resize=286%2C214&#038;ssl=1\" alt=\"IMG_7535_2\" width=\"286\" height=\"214\" srcset=\"https:\/\/i0.wp.com\/arch-moser.it\/wp-content\/uploads\/2015\/07\/img_7535_2.jpg?resize=300%2C225&amp;ssl=1 300w, https:\/\/i0.wp.com\/arch-moser.it\/wp-content\/uploads\/2015\/07\/img_7535_2.jpg?resize=1024%2C768&amp;ssl=1 1024w, https:\/\/i0.wp.com\/arch-moser.it\/wp-content\/uploads\/2015\/07\/img_7535_2.jpg?w=1600&amp;ssl=1 1600w, https:\/\/i0.wp.com\/arch-moser.it\/wp-content\/uploads\/2015\/07\/img_7535_2.jpg?w=2400&amp;ssl=1 2400w\" sizes=\"(max-width: 286px) 100vw, 286px\" \/><\/a><\/pre>\n<pre style=\"text-align: left;\"><strong><span style=\"color: #dbf20f;\"><a style=\"color: #dbf20f;\" href=\"https:\/\/arch-moser.it\/projekte\/widum-zinggen\/\"><span style=\"font-family: Tahoma, Arial, Helvetica, sans-serif; font-size: 10pt;\">Waldorfschule in Sarns \/ Brixen (2015)<\/span><\/a><\/span><\/strong>\r\n<a href=\"https:\/\/arch-moser.it\/projekte\/waldorfschule-im-buehlerhof-in-sarns-brixen\/\"><img data-recalc-dims=\"1\" loading=\"lazy\" decoding=\"async\" class=\"alignnone wp-image-1229\" src=\"https:\/\/i0.wp.com\/arch-moser.it\/wp-content\/uploads\/2011\/01\/accamera_7var-300x243.jpg?resize=283%2C229&#038;ssl=1\" alt=\"ACCamera_7var\" width=\"283\" height=\"229\"><\/a> \r\n\r\n<strong><a href=\"http:\/\/wp.me\/p6WmPs-16k\"><span style=\"font-family: Tahoma, Arial, Helvetica, sans-serif; color: #dae016;\"><span style=\"font-size: 10pt;\">Wohnhaus E. in Gravetsch \/ Villanders (2014 \/ 2<\/span><\/span><\/a><\/strong><span style=\"font-family: Tahoma, Arial, Helvetica, sans-serif; color: #dae016; font-size: 10pt;\"><strong><a style=\"color: #dae016;\" href=\"http:\/\/wp.me\/p6WmPs-16k\">015)<\/a><\/strong><\/span> \r\n<span style=\"font-family: Tahoma, Arial, Helvetica, sans-serif; color: #dae016;\"><a style=\"color: #dae016;\" href=\"https:\/\/i0.wp.com\/arch-moser.it\/wp-content\/uploads\/2016\/05\/haus_ERLACHER.jpg?ssl=1\"><img data-recalc-dims=\"1\" loading=\"lazy\" decoding=\"async\" class=\"alignnone wp-image-4799\" src=\"https:\/\/i0.wp.com\/arch-moser.it\/wp-content\/uploads\/2016\/05\/haus_ERLACHER.jpg?resize=277%2C157&#038;ssl=1\" alt=\"\" width=\"277\" height=\"157\" srcset=\"https:\/\/i0.wp.com\/arch-moser.it\/wp-content\/uploads\/2016\/05\/haus_ERLACHER.jpg?w=462&amp;ssl=1 462w, https:\/\/i0.wp.com\/arch-moser.it\/wp-content\/uploads\/2016\/05\/haus_ERLACHER.jpg?resize=300%2C170&amp;ssl=1 300w\" sizes=\"(max-width: 277px) 100vw, 277px\" \/><\/a> \r\n<\/span><\/pre>\n<pre style=\"text-align: left;\"><strong><span style=\"color: #dbf20f;\"><a style=\"color: #dbf20f;\" href=\"https:\/\/arch-moser.it\/projekte\/widum-zinggen\/\"><span style=\"font-family: Tahoma, Arial, Helvetica, sans-serif; font-size: 10pt;\">Wohnhaus P. in L\u00fcsen (2014 \/ 2015)<\/span><\/a><\/span><\/strong>\r\n<a href=\"https:\/\/arch-moser.it\/2015\/07\/01\/mehrfamilienhaus-p-in-luesen\/\" target=\"_blank\" rel=\"noopener noreferrer\"><img data-recalc-dims=\"1\" loading=\"lazy\" decoding=\"async\" class=\"alignnone wp-image-3633\" src=\"https:\/\/i0.wp.com\/arch-moser.it\/wp-content\/uploads\/2016\/04\/IMG_8442.jpg?resize=211%2C281&#038;ssl=1\" alt=\"IMG_8442\" width=\"211\" height=\"281\" srcset=\"https:\/\/i0.wp.com\/arch-moser.it\/wp-content\/uploads\/2016\/04\/IMG_8442.jpg?resize=225%2C300&amp;ssl=1 225w, https:\/\/i0.wp.com\/arch-moser.it\/wp-content\/uploads\/2016\/04\/IMG_8442.jpg?w=500&amp;ssl=1 500w\" sizes=\"(max-width: 211px) 100vw, 211px\" \/><\/a>\r\n\r\n<strong><a href=\"http:\/\/wp.me\/P6WmPs-14j\"><span style=\"color: #dae016;\"><span style=\"font-family: Tahoma, Arial, Helvetica, sans-serif;\">Bauen f\u00fcr die Kirche (2013)<\/span><\/span><\/a><\/strong><\/pre>\n<div id='gallery-1' class='gallery galleryid-3048 gallery-columns-6 gallery-size-thumbnail'><figure class='gallery-item'>\r\n\t\t\t<div class='gallery-icon portrait'>\r\n\t\t\t\t<a href=\"https:\/\/i0.wp.com\/arch-moser.it\/wp-content\/uploads\/2013\/07\/img_4935.jpg?ssl=1\"><img loading=\"lazy\" decoding=\"async\" width=\"150\" height=\"150\" src=\"https:\/\/i0.wp.com\/arch-moser.it\/wp-content\/uploads\/2013\/07\/img_4935.jpg?fit=150%2C150&amp;ssl=1\" class=\"attachment-thumbnail size-thumbnail\" alt=\"\" srcset=\"https:\/\/i0.wp.com\/arch-moser.it\/wp-content\/uploads\/2013\/07\/img_4935.jpg?resize=150%2C150&amp;ssl=1 150w, https:\/\/i0.wp.com\/arch-moser.it\/wp-content\/uploads\/2013\/07\/img_4935.jpg?zoom=2&amp;resize=150%2C150&amp;ssl=1 300w, https:\/\/i0.wp.com\/arch-moser.it\/wp-content\/uploads\/2013\/07\/img_4935.jpg?zoom=3&amp;resize=150%2C150&amp;ssl=1 450w\" sizes=\"(max-width: 150px) 100vw, 150px\" \/><\/a>\r\n\t\t\t<\/div><\/figure><\/div>\n\n<pre><strong><span style=\"color: #dbf20f;\"><a style=\"color: #dbf20f;\" href=\"http:\/\/wp.me\/P6WmPs-153\"><span style=\"font-family: Tahoma, Arial, Helvetica, sans-serif; font-size: 10pt;\">Arztpraxis und Ayurvedazentrum in Bozen&nbsp;(2013)<\/span><\/a><\/span><\/strong>\r\n<a href=\"http:\/\/wp.me\/P6WmPs-153\"><img data-recalc-dims=\"1\" loading=\"lazy\" decoding=\"async\" class=\"alignnone wp-image-4096\" src=\"https:\/\/i0.wp.com\/arch-moser.it\/wp-content\/uploads\/2016\/05\/IMG_4046.jpg?resize=213%2C160&#038;ssl=1\" alt=\"IMG_4046\" width=\"213\" height=\"160\" srcset=\"https:\/\/i0.wp.com\/arch-moser.it\/wp-content\/uploads\/2016\/05\/IMG_4046.jpg?resize=300%2C225&amp;ssl=1 300w, https:\/\/i0.wp.com\/arch-moser.it\/wp-content\/uploads\/2016\/05\/IMG_4046.jpg?w=500&amp;ssl=1 500w\" sizes=\"(max-width: 213px) 100vw, 213px\" \/><\/a>\r\n<\/pre>\n<pre><strong><span style=\"color: #dbf20f;\"><a style=\"color: #dbf20f;\" href=\"https:\/\/arch-moser.it\/projekte\/widum-zinggen\/\"><span style=\"font-family: Tahoma, Arial, Helvetica, sans-serif; font-size: 10pt;\">Wohnhaus B. in Karnol&nbsp;(2012)<\/span><\/a><\/span><\/strong>\r\n\r\n<a href=\"http:\/\/wp.me\/p6WmPs-11t\"><img data-recalc-dims=\"1\" loading=\"lazy\" decoding=\"async\" class=\"wp-image-2936 alignnone\" src=\"https:\/\/i0.wp.com\/arch-moser.it\/wp-content\/uploads\/2013\/11\/img_0991-e1462745168640-300x164.jpg?resize=210%2C115&#038;ssl=1\" alt=\"Wohnhaus BODNER Karnol\" width=\"210\" height=\"115\"><\/a>\r\n<\/pre>\n<pre><strong><span style=\"color: #dbf20f;\"><a style=\"color: #dbf20f;\" href=\"http:\/\/wp.me\/p6WmPs-10J\"><span style=\"font-family: Tahoma, Arial, Helvetica, sans-serif; font-size: 10pt;\">Wohnhaus P. in Brixen&nbsp;(2010 \/ 2011)<\/span><\/a><\/span><\/strong>\r\n\r\n<a href=\"http:\/\/wp.me\/p6WmPs-10J\"><img data-recalc-dims=\"1\" loading=\"lazy\" decoding=\"async\" class=\"alignnone wp-image-2035\" src=\"https:\/\/i0.wp.com\/arch-moser.it\/wp-content\/uploads\/2012\/04\/img_3175-e1462660987368.jpg?resize=210%2C188&#038;ssl=1\" alt=\"IMG_3175\" width=\"210\" height=\"188\"><\/a>\r\n\r\n<\/pre>\n<pre><strong><span style=\"color: #dbf20f;\"><a style=\"color: #dbf20f;\" href=\"http:\/\/wp.me\/p6WmPs-11n\"><span style=\"font-size: 10pt; font-family: Tahoma, Arial, Helvetica, sans-serif;\">Mode&nbsp;in Bruneck (2007 \/ 2011)<\/span><\/a><\/span><\/strong>\r\n\r\n<a href=\"https:\/\/wp.me\/p6WmPs-11n\"><img data-recalc-dims=\"1\" loading=\"lazy\" decoding=\"async\" class=\"alignnone wp-image-4801\" src=\"https:\/\/i0.wp.com\/arch-moser.it\/wp-content\/uploads\/2017\/12\/UNADJUSTEDNONRAW_thumb_1337-225x300.jpg?resize=209%2C279&#038;ssl=1\" alt=\"\" width=\"209\" height=\"279\"><\/a><\/pre>\n<p>&nbsp;<\/p>\n<p>&nbsp;<\/p>\n<p>&nbsp;<\/p>\n","protected":false},"excerpt":{"rendered":"<p>Modegesch\u00e4ft in Bruneck (2020) Am Fischteich (2020) Museumshop Schloss Tirol (2020) WunderBAR (2019) Historische Gem\u00e4uer \/ GRAF Platz Haus (2019) Ein Platz in der Loge (2019) Wohnanlage P. in Brixen (2019) dream shoes and more \/ Stadthaus Sterzing (2018) Hofstelle in Rodeneck &#8211; Bauen im Bestand (2018) Wohnhaus H. in L\u00fcsen (2018) Gemeinschaftsarztpraxis in Milland [&hellip;]<\/p>\n","protected":false},"author":1,"featured_media":6499,"parent":0,"menu_order":0,"comment_status":"closed","ping_status":"closed","template":"","meta":{"ngg_post_thumbnail":0,"footnotes":""},"class_list":["post-3048","page","type-page","status-publish","has-post-thumbnail","hentry"],"jetpack_sharing_enabled":false,"_links":{"self":[{"href":"https:\/\/arch-moser.it\/de\/wp-json\/wp\/v2\/pages\/3048","targetHints":{"allow":["GET"]}}],"collection":[{"href":"https:\/\/arch-moser.it\/de\/wp-json\/wp\/v2\/pages"}],"about":[{"href":"https:\/\/arch-moser.it\/de\/wp-json\/wp\/v2\/types\/page"}],"author":[{"embeddable":true,"href":"https:\/\/arch-moser.it\/de\/wp-json\/wp\/v2\/users\/1"}],"replies":[{"embeddable":true,"href":"https:\/\/arch-moser.it\/de\/wp-json\/wp\/v2\/comments?post=3048"}],"version-history":[{"count":224,"href":"https:\/\/arch-moser.it\/de\/wp-json\/wp\/v2\/pages\/3048\/revisions"}],"predecessor-version":[{"id":6578,"href":"https:\/\/arch-moser.it\/de\/wp-json\/wp\/v2\/pages\/3048\/revisions\/6578"}],"wp:featuredmedia":[{"embeddable":true,"href":"https:\/\/arch-moser.it\/de\/wp-json\/wp\/v2\/media\/6499"}],"wp:attachment":[{"href":"https:\/\/arch-moser.it\/de\/wp-json\/wp\/v2\/media?parent=3048"}],"curies":[{"name":"wp","href":"https:\/\/api.w.org\/{rel}","templated":true}]}}